{"id":5588,"date":"2025-01-30T15:11:31","date_gmt":"2025-01-30T13:11:31","guid":{"rendered":"https:\/\/sansa.diglab.ch\/orari-e-tariffe\/"},"modified":"2026-04-17T09:29:34","modified_gmt":"2026-04-17T07:29:34","slug":"horaires-et-tarifs","status":"publish","type":"page","link":"https:\/\/www.montesansalvatore.ch\/fr\/horaires-et-tarifs\/","title":{"rendered":"Horaires et tarifs"},"content":{"rendered":"<p><div class=\"fusion-fullwidth fullwidth-box fusion-builder-row-1 fusion-flex-container has-pattern-background has-mask-background nonhundred-percent-fullwidth non-hundred-percent-height-scrolling\" style=\"--awb-border-color:var(--awb-color1);--awb-border-radius-top-left:0px;--awb-border-radius-top-right:0px;--awb-border-radius-bottom-right:0px;--awb-border-radius-bottom-left:0px;--awb-padding-top:100px;--awb-padding-bottom:50px;--awb-padding-top-medium:100px;--awb-padding-bottom-medium:100px;--awb-padding-top-small:100px;--awb-padding-bottom-small:100px;--awb-margin-bottom:100px;--awb-flex-wrap:wrap;\" ><div class=\"fusion-builder-row fusion-row fusion-flex-align-items-flex-start fusion-flex-content-wrap\" style=\"max-width:1365px;margin-left: calc(-5% \/ 2 );margin-right: calc(-5% \/ 2 );\"><div class=\"fusion-layout-column fusion_builder_column fusion-builder-column-0 fusion_builder_column_1_1 1_1 fusion-flex-column\" style=\"--awb-bg-color:rgba(239,239,239,0);--awb-bg-color-hover:rgba(239,239,239,0);--awb-bg-size:cover;--awb-width-large:100%;--awb-margin-top-large:0px;--awb-spacing-right-large:2.375%;--awb-margin-bottom-large:20px;--awb-spacing-left-large:2.375%;--awb-width-medium:100%;--awb-order-medium:0;--awb-spacing-right-medium:2.375%;--awb-spacing-left-medium:2.375%;--awb-width-small:100%;--awb-order-small:0;--awb-spacing-right-small:2.375%;--awb-spacing-left-small:2.375%;\" data-scroll-devices=\"small-visibility,medium-visibility,large-visibility\"><div class=\"fusion-column-wrapper fusion-column-has-shadow fusion-flex-justify-content-flex-start fusion-content-layout-column\"><div class=\"fusion-text fusion-text-1\" style=\"--awb-text-color:var(--awb-color5);\"><h1>Horaires et tarifs<\/h1>\n<\/div><\/div><\/div><div class=\"fusion-layout-column fusion_builder_column fusion-builder-column-1 fusion_builder_column_1_2 1_2 fusion-flex-column\" style=\"--awb-bg-color:rgba(239,239,239,0);--awb-bg-color-hover:rgba(239,239,239,0);--awb-bg-size:cover;--awb-width-large:50%;--awb-margin-top-large:0px;--awb-spacing-right-large:50px;--awb-margin-bottom-large:20px;--awb-spacing-left-large:4.75%;--awb-width-medium:50%;--awb-order-medium:0;--awb-spacing-right-medium:50px;--awb-spacing-left-medium:4.75%;--awb-width-small:100%;--awb-order-small:0;--awb-spacing-right-small:2.375%;--awb-spacing-left-small:2.375%;\" data-scroll-devices=\"small-visibility,medium-visibility,large-visibility\"><div class=\"fusion-column-wrapper fusion-column-has-shadow fusion-flex-justify-content-flex-start fusion-content-layout-column\"><div class=\"fusion-text fusion-text-2\"><h3>Horaires saison estivale<br \/>\n14.03 \u2013 08.11.2026<\/h3>\n<p>Paradiso \u2013 San Salvatore et San Salvatore \u2013 Paradiso<br \/>\nDur\u00e9e environ 12 minutes \/ Courses toutes les 30 minutes<\/p>\n<p><strong>Ouvertures sp\u00e9ciales pour groupes (d\u00e9jeuner ou d\u00eener) sur demande.<\/strong><\/p>\n<\/div><div class=\"fusion-separator fusion-full-width-sep\" style=\"align-self: center;margin-left: auto;margin-right: auto;margin-top:30px;width:100%;\"><\/div><div class=\"fusion-text fusion-text-3\"><div class=\"table-2\">\n<table width=\"100%\">\n<thead>\n<tr>\n<th align=\"left\" width=\"50%\">DATES<\/th>\n<th align=\"left\" width=\"50%\">HORAIRE<\/th>\n<\/tr>\n<\/thead>\n<tbody>\n<tr>\n<td align=\"left\" width=\"50%\"><strong>Du 14.03<br \/>\nau <\/strong><strong>28.03.2026<\/strong><br \/>\ntous les jours<\/td>\n<td align=\"left\" width=\"50%\">9.00 \u2013 17.00<\/td>\n<\/tr>\n<tr>\n<td align=\"left\" width=\"50%\"><strong>Du 29.03<br \/>\nau 02.07.2026<\/strong><br \/>\ntous les jours*<\/td>\n<td align=\"left\" width=\"50%\">9.00 \u2013 18.00<\/td>\n<\/tr>\n<tr>\n<td align=\"left\" width=\"50%\"><em><strong>* Du 15.05<br \/>\n<\/strong><strong>au 27.06.2026<\/strong>\u00a0\u00a0<\/em><br \/>\n<em>vendredi\u00a0<\/em>&amp; <em>samedi<br \/>\nouverture du soir<\/em><\/td>\n<td align=\"left\" width=\"50%\"><em>9.00 \u2013 22.30<\/em><br \/>\n<em>(course de<br \/>\n19.30 exclue)<\/em><\/td>\n<\/tr>\n<tr>\n<td align=\"left\" width=\"50%\"><strong>Du 03.07<br \/>\nau 29.08.2026<\/strong><br \/>\ntous les jours*<\/td>\n<td align=\"left\" width=\"50%\">9.00 \u2013 22.30<br \/>\n<em>(course de<br \/>\n19.30 exclue)<\/em><\/td>\n<\/tr>\n<tr>\n<td align=\"left\" width=\"50%\"><strong>Du 30.08<br \/>\nau 24.10.2026<\/strong><br \/>\ntous les jours*<\/td>\n<td align=\"left\" width=\"50%\">9.00 \u2013 18.00<\/td>\n<\/tr>\n<tr>\n<td align=\"left\" width=\"50%\"><em><strong>* Du 04.09<br \/>\n<\/strong><strong>au <\/strong><strong>26.09.2026\u00a0<\/strong><\/em><br \/>\n<em>venerd\u00ec e sabato<br \/>\napertura serale<\/em><\/td>\n<td align=\"left\" width=\"50%\"><em>9.00 \u2013 22.30<\/em><br \/>\n<em>(<\/em><em>course de<br \/>\n19.30 exclue)<\/em><\/td>\n<\/tr>\n<tr>\n<td align=\"left\" width=\"50%\"><strong>Du 25.10<br \/>\nau 08.11.2026<\/strong><br \/>\ntous les jours<\/td>\n<td align=\"left\" width=\"50%\">9.00 \u2013 17.00<\/td>\n<\/tr>\n<tr>\n<td align=\"left\" width=\"50%\"><strong>Du 09.11<br \/>\nau 04.12.2026<\/strong><\/td>\n<td align=\"left\" width=\"50%\">Ferm\u00e9 pour<br \/>\nmaintenance<\/td>\n<\/tr>\n<\/tbody>\n<\/table>\n<\/div>\n<\/div><div class=\"fusion-separator fusion-full-width-sep\" style=\"align-self: center;margin-left: auto;margin-right: auto;margin-top:30px;width:100%;\"><\/div><\/div><\/div><div class=\"fusion-layout-column fusion_builder_column fusion-builder-column-2 fusion_builder_column_1_2 1_2 fusion-flex-column\" style=\"--awb-bg-color:rgba(239,239,239,0);--awb-bg-color-hover:rgba(239,239,239,0);--awb-bg-size:cover;--awb-width-large:50%;--awb-margin-top-large:0px;--awb-spacing-right-large:50px;--awb-margin-bottom-large:20px;--awb-spacing-left-large:4.75%;--awb-width-medium:50%;--awb-order-medium:0;--awb-spacing-right-medium:50px;--awb-spacing-left-medium:4.75%;--awb-width-small:100%;--awb-order-small:0;--awb-spacing-right-small:2.375%;--awb-spacing-left-small:2.375%;\" data-scroll-devices=\"small-visibility,medium-visibility,large-visibility\"><div class=\"fusion-column-wrapper fusion-column-has-shadow fusion-flex-justify-content-flex-start fusion-content-layout-column\"><div class=\"fusion-text fusion-text-4\"><h3>Horaires saison hivernale<br \/>\n05.12.2026 \u2013 07.03.2027<\/h3>\n<p><em><strong>Informations \u00e0 suivre<\/strong><\/em><\/p>\n<\/div><div class=\"fusion-separator fusion-full-width-sep\" style=\"align-self: center;margin-left: auto;margin-right: auto;margin-top:30px;width:100%;\"><\/div><div class=\"fusion-separator fusion-full-width-sep\" style=\"align-self: center;margin-left: auto;margin-right: auto;margin-top:30px;width:100%;\"><\/div><\/div><\/div><div class=\"fusion-layout-column fusion_builder_column fusion-builder-column-3 fusion_builder_column_1_1 1_1 fusion-flex-column\" style=\"--awb-bg-color:rgba(239,239,239,0);--awb-bg-color-hover:rgba(239,239,239,0);--awb-bg-size:cover;--awb-width-large:100%;--awb-margin-top-large:0px;--awb-spacing-right-large:50px;--awb-margin-bottom-large:20px;--awb-spacing-left-large:2.375%;--awb-width-medium:100%;--awb-order-medium:0;--awb-spacing-right-medium:50px;--awb-spacing-left-medium:2.375%;--awb-width-small:100%;--awb-order-small:0;--awb-spacing-right-small:2.375%;--awb-spacing-left-small:2.375%;\" data-scroll-devices=\"small-visibility,medium-visibility,large-visibility\"><div class=\"fusion-column-wrapper fusion-column-has-shadow fusion-flex-justify-content-flex-start fusion-content-layout-column\"><div class=\"fusion-text fusion-text-5\"><h3>Tarifs 2026<\/h3>\n<\/div><\/div><\/div><div class=\"fusion-layout-column fusion_builder_column fusion-builder-column-4 fusion_builder_column_1_2 1_2 fusion-flex-column\" style=\"--awb-bg-color:rgba(239,239,239,0);--awb-bg-color-hover:rgba(239,239,239,0);--awb-bg-size:cover;--awb-width-large:50%;--awb-margin-top-large:0px;--awb-spacing-right-large:50px;--awb-margin-bottom-large:20px;--awb-spacing-left-large:4.75%;--awb-width-medium:50%;--awb-order-medium:0;--awb-spacing-right-medium:50px;--awb-spacing-left-medium:4.75%;--awb-width-small:100%;--awb-order-small:0;--awb-spacing-right-small:2.375%;--awb-spacing-left-small:2.375%;\" data-scroll-devices=\"small-visibility,medium-visibility,large-visibility\"><div class=\"fusion-column-wrapper fusion-column-has-shadow fusion-flex-justify-content-flex-start fusion-content-layout-column\"><div class=\"fusion-text fusion-text-6\"><div class=\"table-2\">\n<table width=\"100%\">\n<thead>\n<tr>\n<th align=\"left\" width=\"50%\">TARIF<\/th>\n<th align=\"left\" width=\"50%\">ALLER<\/th>\n<\/tr>\n<\/thead>\n<tbody>\n<tr>\n<td align=\"left\" width=\"50%\"><strong>Adultes<\/strong><\/td>\n<td align=\"left\" width=\"50%\">Fr. 25.-<\/td>\n<\/tr>\n<tr>\n<td align=\"left\" width=\"50%\"><strong>D\u00e9tenteurs abo <\/strong><br \/>\n<strong>demi-tarif et AG <\/strong><strong>CFF<\/strong><\/td>\n<td align=\"left\" width=\"50%\">Fr. 12.50<\/td>\n<\/tr>\n<tr>\n<td align=\"left\" width=\"50%\"><strong>D\u00e9tenteurs<br \/>\nTicino Ticket \/ <\/strong><br \/>\n<strong>Retrait\u00e9s (AVS) \/ <\/strong><br \/>\n<strong>\u00c9tudiants<\/strong><\/td>\n<td align=\"left\" width=\"50%\">Fr. 20.-<\/td>\n<\/tr>\n<tr>\n<td align=\"left\" width=\"50%\"><strong>Groupes \u00e0 partir<br \/>\nde 10 personnes<\/strong><\/td>\n<td align=\"left\" width=\"50%\">Fr. 14.-<\/td>\n<\/tr>\n<tr>\n<td align=\"left\" width=\"50%\"><strong>Enfants 6-16 ans<\/strong><\/td>\n<td align=\"left\" width=\"50%\">Fr. 11.-<\/td>\n<\/tr>\n<tr>\n<td align=\"left\" width=\"50%\"><strong>Enfants 6-16 ans <\/strong><br \/>\n<strong>avec Carte Junior<\/strong><\/td>\n<td align=\"left\" width=\"50%\">Fr. 0.-<\/td>\n<\/tr>\n<tr>\n<td align=\"left\" width=\"50%\"><strong>\u00c9coles 6-16 ans*<\/strong><\/td>\n<td align=\"left\" width=\"50%\">Fr. 7.-<\/td>\n<\/tr>\n<tr>\n<td align=\"left\" width=\"50%\"><strong>\u00c9coles 17-20 ans*<\/strong><\/td>\n<td align=\"left\" width=\"50%\">Fr. 10.-<\/td>\n<\/tr>\n<tr>\n<td align=\"left\" width=\"50%\"><strong>Chiens de taille<br \/>\nmoyenne et grande<\/strong><\/td>\n<td align=\"left\" width=\"50%\">Fr. 8.-<\/td>\n<\/tr>\n<\/tbody>\n<\/table>\n<\/div>\n<\/div><div class=\"fusion-separator fusion-full-width-sep\" style=\"align-self: center;margin-left: auto;margin-right: auto;margin-top:10px;width:100%;\"><\/div><div class=\"fusion-text fusion-text-7\"><p>* Un accompagnateur gratuit pour 20 personnes<\/p>\n<\/div><div class=\"fusion-separator fusion-full-width-sep\" style=\"align-self: center;margin-left: auto;margin-right: auto;margin-top:30px;width:100%;\"><\/div><\/div><\/div><div class=\"fusion-layout-column fusion_builder_column fusion-builder-column-5 fusion_builder_column_1_2 1_2 fusion-flex-column\" style=\"--awb-bg-color:rgba(239,239,239,0);--awb-bg-color-hover:rgba(239,239,239,0);--awb-bg-size:cover;--awb-width-large:50%;--awb-margin-top-large:0px;--awb-spacing-right-large:50px;--awb-margin-bottom-large:20px;--awb-spacing-left-large:4.75%;--awb-width-medium:50%;--awb-order-medium:0;--awb-spacing-right-medium:50px;--awb-spacing-left-medium:4.75%;--awb-width-small:100%;--awb-order-small:0;--awb-spacing-right-small:2.375%;--awb-spacing-left-small:2.375%;\" data-scroll-devices=\"small-visibility,medium-visibility,large-visibility\"><div class=\"fusion-column-wrapper fusion-column-has-shadow fusion-flex-justify-content-flex-start fusion-content-layout-column\"><div class=\"fusion-text fusion-text-8\"><div class=\"table-2\">\n<table width=\"100%\">\n<thead>\n<tr>\n<th align=\"left\" width=\"50%\">TARIF<\/th>\n<th align=\"left\" width=\"50%\">RETOUR<\/th>\n<\/tr>\n<\/thead>\n<tbody>\n<tr>\n<td align=\"left\" width=\"50%\"><strong>Adultes<\/strong><\/td>\n<td align=\"left\" width=\"50%\">Fr. 32.-<\/td>\n<\/tr>\n<tr>\n<td align=\"left\" width=\"50%\"><strong>D\u00e9tenteurs abo <\/strong><br \/>\n<strong>demi-tarif et AG <\/strong><strong>CFF<\/strong><\/td>\n<td align=\"left\" width=\"50%\">Fr. 16.-<\/td>\n<\/tr>\n<tr>\n<td align=\"left\" width=\"50%\"><strong>D\u00e9tenteurs<br \/>\nTicino Ticket \/ <\/strong><br \/>\n<strong>Retrait\u00e9s (AVS) \/ <\/strong><br \/>\n<strong>\u00c9tudiants<\/strong><\/td>\n<td align=\"left\" width=\"50%\">Fr. 25.50<\/td>\n<\/tr>\n<tr>\n<td align=\"left\" width=\"50%\"><strong>Groupes \u00e0 partir<br \/>\nde 10 personnes<\/strong><\/td>\n<td align=\"left\" width=\"50%\">Fr. 18.-<\/td>\n<\/tr>\n<tr>\n<td align=\"left\" width=\"50%\"><strong>Enfants 6-16 ans<\/strong><\/td>\n<td align=\"left\" width=\"50%\">Fr. 14.-<\/td>\n<\/tr>\n<tr>\n<td align=\"left\" width=\"50%\"><strong>Enfants 6-16 ans <\/strong><br \/>\n<strong>avec Carte Junior<\/strong><\/td>\n<td align=\"left\" width=\"50%\">Fr. 0.-<\/td>\n<\/tr>\n<tr>\n<td align=\"left\" width=\"50%\"><strong>\u00c9coles 6-16 ans*<\/strong><\/td>\n<td align=\"left\" width=\"50%\">Fr. 9.-<\/td>\n<\/tr>\n<tr>\n<td align=\"left\" width=\"50%\"><strong>\u00c9coles 17-20 ans*<\/strong><\/td>\n<td align=\"left\" width=\"50%\">Fr. 13.-<\/td>\n<\/tr>\n<tr>\n<td align=\"left\" width=\"50%\"><strong>Chiens de taille<br \/>\nmoyenne et grande<\/strong><\/td>\n<td align=\"left\" width=\"50%\">Fr. 10.-<\/td>\n<\/tr>\n<\/tbody>\n<\/table>\n<\/div>\n<\/div><div class=\"fusion-separator fusion-full-width-sep\" style=\"align-self: center;margin-left: auto;margin-right: auto;margin-top:10px;width:100%;\"><\/div><div class=\"fusion-text fusion-text-9\"><p>* Un accompagnateur gratuit pour 20 personnes<\/p>\n<\/div><div class=\"fusion-separator fusion-full-width-sep\" style=\"align-self: center;margin-left: auto;margin-right: auto;margin-top:30px;width:100%;\"><\/div><\/div><\/div><div class=\"fusion-layout-column fusion_builder_column fusion-builder-column-6 fusion_builder_column_1_1 1_1 fusion-flex-column\" style=\"--awb-bg-color:rgba(239,239,239,0);--awb-bg-color-hover:rgba(239,239,239,0);--awb-bg-size:cover;--awb-width-large:100%;--awb-margin-top-large:0px;--awb-spacing-right-large:50px;--awb-margin-bottom-large:20px;--awb-spacing-left-large:2.375%;--awb-width-medium:100%;--awb-order-medium:0;--awb-spacing-right-medium:50px;--awb-spacing-left-medium:2.375%;--awb-width-small:100%;--awb-order-small:0;--awb-spacing-right-small:2.375%;--awb-spacing-left-small:2.375%;\" data-scroll-devices=\"small-visibility,medium-visibility,large-visibility\"><div class=\"fusion-column-wrapper fusion-column-has-shadow fusion-flex-justify-content-flex-start fusion-content-layout-column\"><ul style=\"--awb-size:20px;--awb-iconcolor:#0000000;--awb-textcolor:#0000000;--awb-line-height:34px;--awb-icon-width:34px;--awb-icon-height:34px;--awb-icon-margin:14px;--awb-content-margin:48px;\" class=\"fusion-checklist fusion-checklist-1 fusion-checklist-default type-icons\"><li class=\"fusion-li-item\" style=\"\"><span class=\"icon-wrapper circle-no\"><i class=\"fusion-li-icon fa-wheelchair fas\" aria-hidden=\"true\"><\/i><\/span><div class=\"fusion-li-item-content\">L\u2019infrastructure est accessible aussi aux personnes \u00e0 mobilit\u00e9 r\u00e9duite (fauteuil roulant max 90x80cm\/200kg)<\/div><\/li><li class=\"fusion-li-item\" style=\"\"><span class=\"icon-wrapper circle-no\"><i class=\"fusion-li-icon fa-baby fas\" aria-hidden=\"true\"><\/i><\/span><div class=\"fusion-li-item-content\">Les poussettes peuvent \u00eatre transport\u00e9es uniquement lorsqu\u2019elles sont pli\u00e9es<\/div><\/li><li class=\"fusion-li-item\" style=\"\"><span class=\"icon-wrapper circle-no\"><i class=\"fusion-li-icon fa-bicycle fas\" aria-hidden=\"true\"><\/i><\/span><div class=\"fusion-li-item-content\">Les bicyclettes ne peuvent pas \u00eatre transport\u00e9es<\/div><\/li><\/ul><\/div><\/div><\/div><\/div><div class=\"fusion-fullwidth fullwidth-box fusion-builder-row-2 fusion-flex-container has-pattern-background has-mask-background nonhundred-percent-fullwidth non-hundred-percent-height-scrolling\" style=\"--awb-border-color:var(--awb-color1);--awb-border-radius-top-left:0px;--awb-border-radius-top-right:0px;--awb-border-radius-bottom-right:0px;--awb-border-radius-bottom-left:0px;--awb-padding-top-medium:100px;--awb-padding-bottom-medium:100px;--awb-padding-top-small:100px;--awb-padding-bottom-small:100px;--awb-margin-bottom:100px;--awb-flex-wrap:wrap;\" ><div class=\"fusion-builder-row fusion-row fusion-flex-align-items-flex-start fusion-flex-content-wrap\" style=\"max-width:1365px;margin-left: calc(-5% \/ 2 );margin-right: calc(-5% \/ 2 );\"><div class=\"fusion-layout-column fusion_builder_column fusion-builder-column-7 fusion_builder_column_3_5 3_5 fusion-flex-column\" style=\"--awb-bg-color:rgba(239,239,239,0);--awb-bg-color-hover:rgba(239,239,239,0);--awb-bg-size:cover;--awb-width-large:60%;--awb-margin-top-large:0px;--awb-spacing-right-large:3.9583333333333%;--awb-margin-bottom-large:20px;--awb-spacing-left-large:3.9583333333333%;--awb-width-medium:60%;--awb-order-medium:0;--awb-spacing-right-medium:3.9583333333333%;--awb-spacing-left-medium:3.9583333333333%;--awb-width-small:100%;--awb-order-small:0;--awb-spacing-right-small:2.375%;--awb-spacing-left-small:2.375%;\" data-scroll-devices=\"small-visibility,medium-visibility,large-visibility\"><div class=\"fusion-column-wrapper fusion-column-has-shadow fusion-flex-justify-content-flex-start fusion-content-layout-column\"><div class=\"fusion-title title fusion-title-1 fusion-sep-none fusion-title-text fusion-title-size-two\" style=\"--awb-text-color:var(--awb-color5);--awb-margin-top-small:10px;--awb-margin-right-small:0px;--awb-margin-bottom-small:10px;--awb-margin-left-small:0px;\"><h2 class=\"fusion-title-heading title-heading-left fusion-responsive-typography-calculated\" style=\"margin:0;--fontSize:64;line-height:var(--awb-typography1-line-height);\">Offres sp\u00e9ciales<\/h2><\/div><\/div><\/div><div class=\"fusion-layout-column fusion_builder_column fusion-builder-column-8 fusion_builder_column_1_1 1_1 fusion-flex-column\" style=\"--awb-bg-size:cover;--awb-width-large:100%;--awb-margin-top-large:0px;--awb-spacing-right-large:2.375%;--awb-margin-bottom-large:20px;--awb-spacing-left-large:2.375%;--awb-width-medium:100%;--awb-order-medium:0;--awb-spacing-right-medium:2.375%;--awb-spacing-left-medium:2.375%;--awb-width-small:100%;--awb-order-small:0;--awb-spacing-right-small:2.375%;--awb-spacing-left-small:2.375%;\"><div class=\"fusion-column-wrapper fusion-column-has-shadow fusion-flex-justify-content-flex-start fusion-content-layout-column\"><div class=\"fusion-post-cards fusion-post-cards-1 fusion-grid-archive fusion-grid-columns-3\" style=\"--awb-column-spacing:30px;--awb-dots-align:center;--awb-columns:3;--awb-active-filter-border-size:3px;--awb-filters-height:36px;--awb-row-spacing:30px;\" data-post-type-label=\"articles\"><ul class=\"fusion-grid fusion-grid-3 fusion-flex-align-items-flex-start fusion-grid-posts-cards\"><li class=\"fusion-layout-column fusion_builder_column fusion-builder-column-9 fusion-flex-column post-card fusion-grid-column fusion-post-cards-grid-column\" style=\"--awb-padding-top:0px;--awb-padding-right:0px;--awb-padding-bottom:0px;--awb-padding-left:0px;--awb-bg-color:var(--awb-color1);--awb-bg-color-hover:var(--awb-color1);--awb-bg-blend:overlay;--awb-bg-size:cover;--awb-border-color:rgba(255,201,79,0);--awb-border-color-hover:var(--awb-color6);--awb-border-style:solid;--awb-transform:scaleX(1) scaleY(1);--awb-transform-hover:scaleX(1.02) scaleY(1.02);--awb-flex-grow:0;--awb-flex-shrink:0;--awb-flex-grow-medium:;--awb-flex-shrink-medium:;--awb-flex-grow-small:;--awb-flex-shrink-small:;\" data-scroll-devices=\"small-visibility,medium-visibility,large-visibility\"><div class=\"fusion-column-wrapper fusion-column-has-shadow fusion-flex-justify-content-flex-start fusion-content-layout-column\"><div class=\"fusion-image-element\" style=\"--awb-aspect-ratio: 100 \/ 73;--awb-margin-bottom:20px;--awb-caption-title-font-family:var(--h2_typography-font-family);--awb-caption-title-font-weight:var(--h2_typography-font-weight);--awb-caption-title-font-style:var(--h2_typography-font-style);--awb-caption-title-size:var(--h2_typography-font-size);--awb-caption-title-transform:var(--h2_typography-text-transform);--awb-caption-title-line-height:var(--h2_typography-line-height);--awb-caption-title-letter-spacing:var(--h2_typography-letter-spacing);\"><span class=\" fusion-imageframe imageframe-none imageframe-1 hover-type-none has-aspect-ratio\" style=\"border:5px solid var(--awb-color2);border-radius:20px;\"><a class=\"fusion-no-lightbox\" href=\"https:\/\/www.montesansalvatore.ch\/fr\/unalba-da-ascoltare-e-ammirare-con-lensemble-cellolove\/\" target=\"_self\" aria-label=\"2020 FSS Foto Concerto Alba-0015_sito\"><img decoding=\"async\" width=\"600\" height=\"400\" src=\"https:\/\/www.montesansalvatore.ch\/wp-content\/uploads\/2026\/08\/2020-FSS-Foto-Concerto-Alba-0015_sito.jpg\" data-orig-src=\"https:\/\/www.montesansalvatore.ch\/wp-content\/uploads\/2026\/08\/2020-FSS-Foto-Concerto-Alba-0015_sito.jpg\" class=\"lazyload img-responsive wp-image-10097 img-with-aspect-ratio\" data-parent-fit=\"cover\" data-parent-container=\".fusion-image-element\" alt srcset=\"data:image\/svg+xml,%3Csvg%20xmlns%3D%27http%3A%2F%2Fwww.w3.org%2F2000%2Fsvg%27%20width%3D%27600%27%20height%3D%27400%27%20viewBox%3D%270%200%20600%20400%27%3E%3Crect%20width%3D%27600%27%20height%3D%27400%27%20fill-opacity%3D%220%22%2F%3E%3C%2Fsvg%3E\" data-srcset=\"https:\/\/www.montesansalvatore.ch\/wp-content\/uploads\/2026\/08\/2020-FSS-Foto-Concerto-Alba-0015_sito-200x133.jpg 200w, https:\/\/www.montesansalvatore.ch\/wp-content\/uploads\/2026\/08\/2020-FSS-Foto-Concerto-Alba-0015_sito-400x267.jpg 400w, https:\/\/www.montesansalvatore.ch\/wp-content\/uploads\/2026\/08\/2020-FSS-Foto-Concerto-Alba-0015_sito.jpg 600w\" data-sizes=\"auto\" data-orig-sizes=\"(max-width: 1000px) 100vw, 600px\" \/><\/a><\/span><\/div><div class=\"fusion-title title fusion-title-2 fusion-sep-none fusion-title-text fusion-title-size-paragraph\" style=\"--awb-text-color:#000000;--awb-margin-right:6%;--awb-margin-left:3%;--awb-margin-top-small:10px;--awb-margin-right-small:3%;--awb-margin-bottom-small:10px;--awb-margin-left-small:3%;--awb-link-color:#000000;--awb-link-hover-color:var(--awb-color5);--awb-font-size:20px;\"><p class=\"fusion-title-heading title-heading-left title-heading-tag fusion-responsive-typography-calculated\" style=\"font-family:var(--awb-typography1-font-family);font-weight:var(--awb-typography1-font-weight);font-style:var(--awb-typography1-font-style);margin:0;letter-spacing:var(--awb-typography1-letter-spacing);text-transform:var(--awb-typography1-text-transform);font-size:1em;--fontSize:20;line-height:var(--awb-typography1-line-height);\"><a href=\"https:\/\/www.montesansalvatore.ch\/fr\/unalba-da-ascoltare-e-ammirare-con-lensemble-cellolove\/\" class=\"awb-custom-text-color awb-custom-text-hover-color\" target=\"_self\">Un\u2019alba da ascoltare e ammirare con l\u2019ensemble CelloLove<\/a><\/p><\/div><div class=\"fusion-text fusion-text-10\" style=\"--awb-margin-right:6%;--awb-margin-left:3%;\"><p>Dopo il grande successo delle edizioni precedenti, la Funicolare San  [...]<\/p>\n<\/div><\/div><\/li>\n<li class=\"fusion-layout-column fusion_builder_column fusion-builder-column-10 fusion-flex-column post-card fusion-grid-column fusion-post-cards-grid-column\" style=\"--awb-padding-top:0px;--awb-padding-right:0px;--awb-padding-bottom:0px;--awb-padding-left:0px;--awb-bg-color:var(--awb-color1);--awb-bg-color-hover:var(--awb-color1);--awb-bg-blend:overlay;--awb-bg-size:cover;--awb-border-color:rgba(255,201,79,0);--awb-border-color-hover:var(--awb-color6);--awb-border-style:solid;--awb-transform:scaleX(1) scaleY(1);--awb-transform-hover:scaleX(1.02) scaleY(1.02);--awb-flex-grow:0;--awb-flex-shrink:0;--awb-flex-grow-medium:;--awb-flex-shrink-medium:;--awb-flex-grow-small:;--awb-flex-shrink-small:;\" data-scroll-devices=\"small-visibility,medium-visibility,large-visibility\"><div class=\"fusion-column-wrapper fusion-column-has-shadow fusion-flex-justify-content-flex-start fusion-content-layout-column\"><div class=\"fusion-image-element\" style=\"--awb-aspect-ratio: 100 \/ 73;--awb-margin-bottom:20px;--awb-caption-title-font-family:var(--h2_typography-font-family);--awb-caption-title-font-weight:var(--h2_typography-font-weight);--awb-caption-title-font-style:var(--h2_typography-font-style);--awb-caption-title-size:var(--h2_typography-font-size);--awb-caption-title-transform:var(--h2_typography-text-transform);--awb-caption-title-line-height:var(--h2_typography-line-height);--awb-caption-title-letter-spacing:var(--h2_typography-letter-spacing);\"><span class=\" fusion-imageframe imageframe-none imageframe-2 hover-type-none has-aspect-ratio\" style=\"border:5px solid var(--awb-color2);border-radius:20px;\"><a class=\"fusion-no-lightbox\" href=\"https:\/\/www.montesansalvatore.ch\/fr\/il-talento-del-turismo-premiato-sul-monte-san-salvatore\/\" target=\"_self\" aria-label=\"Premiazione SSSAT 2026\"><img decoding=\"async\" width=\"914\" height=\"610\" src=\"https:\/\/www.montesansalvatore.ch\/wp-content\/uploads\/2026\/07\/Premiazione-SSSAT-2026-1.jpg\" data-orig-src=\"https:\/\/www.montesansalvatore.ch\/wp-content\/uploads\/2026\/07\/Premiazione-SSSAT-2026-1.jpg\" class=\"lazyload img-responsive wp-image-9988 img-with-aspect-ratio\" data-parent-fit=\"cover\" data-parent-container=\".fusion-image-element\" alt srcset=\"data:image\/svg+xml,%3Csvg%20xmlns%3D%27http%3A%2F%2Fwww.w3.org%2F2000%2Fsvg%27%20width%3D%27914%27%20height%3D%27610%27%20viewBox%3D%270%200%20914%20610%27%3E%3Crect%20width%3D%27914%27%20height%3D%27610%27%20fill-opacity%3D%220%22%2F%3E%3C%2Fsvg%3E\" data-srcset=\"https:\/\/www.montesansalvatore.ch\/wp-content\/uploads\/2026\/07\/Premiazione-SSSAT-2026-1-200x133.jpg 200w, https:\/\/www.montesansalvatore.ch\/wp-content\/uploads\/2026\/07\/Premiazione-SSSAT-2026-1-400x267.jpg 400w, https:\/\/www.montesansalvatore.ch\/wp-content\/uploads\/2026\/07\/Premiazione-SSSAT-2026-1-600x400.jpg 600w, https:\/\/www.montesansalvatore.ch\/wp-content\/uploads\/2026\/07\/Premiazione-SSSAT-2026-1-800x534.jpg 800w, https:\/\/www.montesansalvatore.ch\/wp-content\/uploads\/2026\/07\/Premiazione-SSSAT-2026-1.jpg 914w\" data-sizes=\"auto\" data-orig-sizes=\"(max-width: 1000px) 100vw, 914px\" \/><\/a><\/span><\/div><div class=\"fusion-title title fusion-title-3 fusion-sep-none fusion-title-text fusion-title-size-paragraph\" style=\"--awb-text-color:#000000;--awb-margin-right:6%;--awb-margin-left:3%;--awb-margin-top-small:10px;--awb-margin-right-small:3%;--awb-margin-bottom-small:10px;--awb-margin-left-small:3%;--awb-link-color:#000000;--awb-link-hover-color:var(--awb-color5);--awb-font-size:20px;\"><p class=\"fusion-title-heading title-heading-left title-heading-tag fusion-responsive-typography-calculated\" style=\"font-family:var(--awb-typography1-font-family);font-weight:var(--awb-typography1-font-weight);font-style:var(--awb-typography1-font-style);margin:0;letter-spacing:var(--awb-typography1-letter-spacing);text-transform:var(--awb-typography1-text-transform);font-size:1em;--fontSize:20;line-height:var(--awb-typography1-line-height);\"><a href=\"https:\/\/www.montesansalvatore.ch\/fr\/il-talento-del-turismo-premiato-sul-monte-san-salvatore\/\" class=\"awb-custom-text-color awb-custom-text-hover-color\" target=\"_self\">Il talento del turismo premiato sul Monte San Salvatore<\/a><\/p><\/div><div class=\"fusion-text fusion-text-11\" style=\"--awb-margin-right:6%;--awb-margin-left:3%;\"><p>La Funicolare Monte San Salvatore ha avuto il piacere di  [...]<\/p>\n<\/div><\/div><\/li>\n<li class=\"fusion-layout-column fusion_builder_column fusion-builder-column-11 fusion-flex-column post-card fusion-grid-column fusion-post-cards-grid-column\" style=\"--awb-padding-top:0px;--awb-padding-right:0px;--awb-padding-bottom:0px;--awb-padding-left:0px;--awb-bg-color:var(--awb-color1);--awb-bg-color-hover:var(--awb-color1);--awb-bg-blend:overlay;--awb-bg-size:cover;--awb-border-color:rgba(255,201,79,0);--awb-border-color-hover:var(--awb-color6);--awb-border-style:solid;--awb-transform:scaleX(1) scaleY(1);--awb-transform-hover:scaleX(1.02) scaleY(1.02);--awb-flex-grow:0;--awb-flex-shrink:0;--awb-flex-grow-medium:;--awb-flex-shrink-medium:;--awb-flex-grow-small:;--awb-flex-shrink-small:;\" data-scroll-devices=\"small-visibility,medium-visibility,large-visibility\"><div class=\"fusion-column-wrapper fusion-column-has-shadow fusion-flex-justify-content-flex-start fusion-content-layout-column\"><div class=\"fusion-image-element\" style=\"--awb-aspect-ratio: 100 \/ 73;--awb-margin-bottom:20px;--awb-caption-title-font-family:var(--h2_typography-font-family);--awb-caption-title-font-weight:var(--h2_typography-font-weight);--awb-caption-title-font-style:var(--h2_typography-font-style);--awb-caption-title-size:var(--h2_typography-font-size);--awb-caption-title-transform:var(--h2_typography-text-transform);--awb-caption-title-line-height:var(--h2_typography-line-height);--awb-caption-title-letter-spacing:var(--h2_typography-letter-spacing);\"><span class=\" fusion-imageframe imageframe-none imageframe-3 hover-type-none has-aspect-ratio\" style=\"border:5px solid var(--awb-color2);border-radius:20px;\"><a class=\"fusion-no-lightbox\" href=\"https:\/\/www.montesansalvatore.ch\/fr\/cambio-di-direzione-per-la-funicolare-san-salvatore\/\" target=\"_self\" aria-label=\"IP4A6605_sito\"><img decoding=\"async\" width=\"800\" height=\"548\" src=\"https:\/\/www.montesansalvatore.ch\/wp-content\/uploads\/2026\/07\/IP4A6605_sito-1.jpg\" data-orig-src=\"https:\/\/www.montesansalvatore.ch\/wp-content\/uploads\/2026\/07\/IP4A6605_sito-1.jpg\" class=\"lazyload img-responsive wp-image-9992 img-with-aspect-ratio\" data-parent-fit=\"cover\" data-parent-container=\".fusion-image-element\" alt srcset=\"data:image\/svg+xml,%3Csvg%20xmlns%3D%27http%3A%2F%2Fwww.w3.org%2F2000%2Fsvg%27%20width%3D%27800%27%20height%3D%27548%27%20viewBox%3D%270%200%20800%20548%27%3E%3Crect%20width%3D%27800%27%20height%3D%27548%27%20fill-opacity%3D%220%22%2F%3E%3C%2Fsvg%3E\" data-srcset=\"https:\/\/www.montesansalvatore.ch\/wp-content\/uploads\/2026\/07\/IP4A6605_sito-1-200x137.jpg 200w, https:\/\/www.montesansalvatore.ch\/wp-content\/uploads\/2026\/07\/IP4A6605_sito-1-400x274.jpg 400w, https:\/\/www.montesansalvatore.ch\/wp-content\/uploads\/2026\/07\/IP4A6605_sito-1.jpg 800w\" data-sizes=\"auto\" data-orig-sizes=\"(max-width: 1000px) 100vw, 800px\" \/><\/a><\/span><\/div><div class=\"fusion-title title fusion-title-4 fusion-sep-none fusion-title-text fusion-title-size-paragraph\" style=\"--awb-text-color:#000000;--awb-margin-right:6%;--awb-margin-left:3%;--awb-margin-top-small:10px;--awb-margin-right-small:3%;--awb-margin-bottom-small:10px;--awb-margin-left-small:3%;--awb-link-color:#000000;--awb-link-hover-color:var(--awb-color5);--awb-font-size:20px;\"><p class=\"fusion-title-heading title-heading-left title-heading-tag fusion-responsive-typography-calculated\" style=\"font-family:var(--awb-typography1-font-family);font-weight:var(--awb-typography1-font-weight);font-style:var(--awb-typography1-font-style);margin:0;letter-spacing:var(--awb-typography1-letter-spacing);text-transform:var(--awb-typography1-text-transform);font-size:1em;--fontSize:20;line-height:var(--awb-typography1-line-height);\"><a href=\"https:\/\/www.montesansalvatore.ch\/fr\/cambio-di-direzione-per-la-funicolare-san-salvatore\/\" class=\"awb-custom-text-color awb-custom-text-hover-color\" target=\"_self\">Cambio di direzione per la Funicolare San Salvatore<\/a><\/p><\/div><div class=\"fusion-text fusion-text-12\" style=\"--awb-margin-right:6%;--awb-margin-left:3%;\"><p>Il Consiglio di Amministrazione della Societ\u00e0 Funicolare San Salvatore, nel  [...]<\/p>\n<\/div><\/div><\/li>\n<li class=\"fusion-layout-column fusion_builder_column fusion-builder-column-12 fusion-flex-column post-card fusion-grid-column fusion-post-cards-grid-column\" style=\"--awb-padding-top:0px;--awb-padding-right:0px;--awb-padding-bottom:0px;--awb-padding-left:0px;--awb-bg-color:var(--awb-color1);--awb-bg-color-hover:var(--awb-color1);--awb-bg-blend:overlay;--awb-bg-size:cover;--awb-border-color:rgba(255,201,79,0);--awb-border-color-hover:var(--awb-color6);--awb-border-style:solid;--awb-transform:scaleX(1) scaleY(1);--awb-transform-hover:scaleX(1.02) scaleY(1.02);--awb-flex-grow:0;--awb-flex-shrink:0;--awb-flex-grow-medium:;--awb-flex-shrink-medium:;--awb-flex-grow-small:;--awb-flex-shrink-small:;\" data-scroll-devices=\"small-visibility,medium-visibility,large-visibility\"><div class=\"fusion-column-wrapper fusion-column-has-shadow fusion-flex-justify-content-flex-start fusion-content-layout-column\"><div class=\"fusion-image-element\" style=\"--awb-aspect-ratio: 100 \/ 73;--awb-margin-bottom:20px;--awb-caption-title-font-family:var(--h2_typography-font-family);--awb-caption-title-font-weight:var(--h2_typography-font-weight);--awb-caption-title-font-style:var(--h2_typography-font-style);--awb-caption-title-size:var(--h2_typography-font-size);--awb-caption-title-transform:var(--h2_typography-text-transform);--awb-caption-title-line-height:var(--h2_typography-line-height);--awb-caption-title-letter-spacing:var(--h2_typography-letter-spacing);\"><span class=\" fusion-imageframe imageframe-none imageframe-4 hover-type-none has-aspect-ratio\" style=\"border:5px solid var(--awb-color2);border-radius:20px;\"><a class=\"fusion-no-lightbox\" href=\"https:\/\/www.montesansalvatore.ch\/fr\/estate-da-vivere-in-vetta-al-monte-san-salvatore-cene-panoramiche-al-ristorante-vetta\/\" target=\"_self\" aria-label=\"DJI_0045_sito\"><img decoding=\"async\" width=\"600\" height=\"400\" src=\"https:\/\/www.montesansalvatore.ch\/wp-content\/uploads\/2026\/06\/DJI_0045_sito.jpg\" data-orig-src=\"https:\/\/www.montesansalvatore.ch\/wp-content\/uploads\/2026\/06\/DJI_0045_sito.jpg\" class=\"lazyload img-responsive wp-image-9960 img-with-aspect-ratio\" data-parent-fit=\"cover\" data-parent-container=\".fusion-image-element\" alt srcset=\"data:image\/svg+xml,%3Csvg%20xmlns%3D%27http%3A%2F%2Fwww.w3.org%2F2000%2Fsvg%27%20width%3D%27600%27%20height%3D%27400%27%20viewBox%3D%270%200%20600%20400%27%3E%3Crect%20width%3D%27600%27%20height%3D%27400%27%20fill-opacity%3D%220%22%2F%3E%3C%2Fsvg%3E\" data-srcset=\"https:\/\/www.montesansalvatore.ch\/wp-content\/uploads\/2026\/06\/DJI_0045_sito-200x133.jpg 200w, https:\/\/www.montesansalvatore.ch\/wp-content\/uploads\/2026\/06\/DJI_0045_sito-400x267.jpg 400w, https:\/\/www.montesansalvatore.ch\/wp-content\/uploads\/2026\/06\/DJI_0045_sito.jpg 600w\" data-sizes=\"auto\" data-orig-sizes=\"(max-width: 1000px) 100vw, 600px\" \/><\/a><\/span><\/div><div class=\"fusion-title title fusion-title-5 fusion-sep-none fusion-title-text fusion-title-size-paragraph\" style=\"--awb-text-color:#000000;--awb-margin-right:6%;--awb-margin-left:3%;--awb-margin-top-small:10px;--awb-margin-right-small:3%;--awb-margin-bottom-small:10px;--awb-margin-left-small:3%;--awb-link-color:#000000;--awb-link-hover-color:var(--awb-color5);--awb-font-size:20px;\"><p class=\"fusion-title-heading title-heading-left title-heading-tag fusion-responsive-typography-calculated\" style=\"font-family:var(--awb-typography1-font-family);font-weight:var(--awb-typography1-font-weight);font-style:var(--awb-typography1-font-style);margin:0;letter-spacing:var(--awb-typography1-letter-spacing);text-transform:var(--awb-typography1-text-transform);font-size:1em;--fontSize:20;line-height:var(--awb-typography1-line-height);\"><a href=\"https:\/\/www.montesansalvatore.ch\/fr\/estate-da-vivere-in-vetta-al-monte-san-salvatore-cene-panoramiche-al-ristorante-vetta\/\" class=\"awb-custom-text-color awb-custom-text-hover-color\" target=\"_self\">Estate da vivere in vetta al Monte San Salvatore: cene panoramiche al Ristorante Vetta<\/a><\/p><\/div><div class=\"fusion-text fusion-text-13\" style=\"--awb-margin-right:6%;--awb-margin-left:3%;\"><p>A partire da venerd\u00ec 3 luglio e fino al 29  [...]<\/p>\n<\/div><\/div><\/li>\n<li class=\"fusion-layout-column fusion_builder_column fusion-builder-column-13 fusion-flex-column post-card fusion-grid-column fusion-post-cards-grid-column\" style=\"--awb-padding-top:0px;--awb-padding-right:0px;--awb-padding-bottom:0px;--awb-padding-left:0px;--awb-bg-color:var(--awb-color1);--awb-bg-color-hover:var(--awb-color1);--awb-bg-blend:overlay;--awb-bg-size:cover;--awb-border-color:rgba(255,201,79,0);--awb-border-color-hover:var(--awb-color6);--awb-border-style:solid;--awb-transform:scaleX(1) scaleY(1);--awb-transform-hover:scaleX(1.02) scaleY(1.02);--awb-flex-grow:0;--awb-flex-shrink:0;--awb-flex-grow-medium:;--awb-flex-shrink-medium:;--awb-flex-grow-small:;--awb-flex-shrink-small:;\" data-scroll-devices=\"small-visibility,medium-visibility,large-visibility\"><div class=\"fusion-column-wrapper fusion-column-has-shadow fusion-flex-justify-content-flex-start fusion-content-layout-column\"><div class=\"fusion-image-element\" style=\"--awb-aspect-ratio: 100 \/ 73;--awb-margin-bottom:20px;--awb-caption-title-font-family:var(--h2_typography-font-family);--awb-caption-title-font-weight:var(--h2_typography-font-weight);--awb-caption-title-font-style:var(--h2_typography-font-style);--awb-caption-title-size:var(--h2_typography-font-size);--awb-caption-title-transform:var(--h2_typography-text-transform);--awb-caption-title-line-height:var(--h2_typography-line-height);--awb-caption-title-letter-spacing:var(--h2_typography-letter-spacing);\"><span class=\" fusion-imageframe imageframe-none imageframe-5 hover-type-none has-aspect-ratio\" style=\"border:5px solid var(--awb-color2);border-radius:20px;\"><a class=\"fusion-no-lightbox\" href=\"https:\/\/www.montesansalvatore.ch\/fr\/2025-anno-record-sul-top-of-lugano\/\" target=\"_self\" aria-label=\"Assemblea Generale 17.06.2026_sito\"><img decoding=\"async\" width=\"700\" height=\"488\" src=\"https:\/\/www.montesansalvatore.ch\/wp-content\/uploads\/2026\/06\/Assemblea-Generale-17.06.2026_sito.jpg\" data-orig-src=\"https:\/\/www.montesansalvatore.ch\/wp-content\/uploads\/2026\/06\/Assemblea-Generale-17.06.2026_sito.jpg\" class=\"lazyload img-responsive wp-image-9935 img-with-aspect-ratio\" data-parent-fit=\"cover\" data-parent-container=\".fusion-image-element\" alt srcset=\"data:image\/svg+xml,%3Csvg%20xmlns%3D%27http%3A%2F%2Fwww.w3.org%2F2000%2Fsvg%27%20width%3D%27700%27%20height%3D%27488%27%20viewBox%3D%270%200%20700%20488%27%3E%3Crect%20width%3D%27700%27%20height%3D%27488%27%20fill-opacity%3D%220%22%2F%3E%3C%2Fsvg%3E\" data-srcset=\"https:\/\/www.montesansalvatore.ch\/wp-content\/uploads\/2026\/06\/Assemblea-Generale-17.06.2026_sito-200x139.jpg 200w, https:\/\/www.montesansalvatore.ch\/wp-content\/uploads\/2026\/06\/Assemblea-Generale-17.06.2026_sito-400x279.jpg 400w, https:\/\/www.montesansalvatore.ch\/wp-content\/uploads\/2026\/06\/Assemblea-Generale-17.06.2026_sito-600x418.jpg 600w, https:\/\/www.montesansalvatore.ch\/wp-content\/uploads\/2026\/06\/Assemblea-Generale-17.06.2026_sito.jpg 700w\" data-sizes=\"auto\" data-orig-sizes=\"(max-width: 1000px) 100vw, 700px\" \/><\/a><\/span><\/div><div class=\"fusion-title title fusion-title-6 fusion-sep-none fusion-title-text fusion-title-size-paragraph\" style=\"--awb-text-color:#000000;--awb-margin-right:6%;--awb-margin-left:3%;--awb-margin-top-small:10px;--awb-margin-right-small:3%;--awb-margin-bottom-small:10px;--awb-margin-left-small:3%;--awb-link-color:#000000;--awb-link-hover-color:var(--awb-color5);--awb-font-size:20px;\"><p class=\"fusion-title-heading title-heading-left title-heading-tag fusion-responsive-typography-calculated\" style=\"font-family:var(--awb-typography1-font-family);font-weight:var(--awb-typography1-font-weight);font-style:var(--awb-typography1-font-style);margin:0;letter-spacing:var(--awb-typography1-letter-spacing);text-transform:var(--awb-typography1-text-transform);font-size:1em;--fontSize:20;line-height:var(--awb-typography1-line-height);\"><a href=\"https:\/\/www.montesansalvatore.ch\/fr\/2025-anno-record-sul-top-of-lugano\/\" class=\"awb-custom-text-color awb-custom-text-hover-color\" target=\"_self\">2025: anno record sul \u201cTop of Lugano\u201d<\/a><\/p><\/div><div class=\"fusion-text fusion-text-14\" style=\"--awb-margin-right:6%;--awb-margin-left:3%;\"><p>Una quarantina di azionisti hanno partecipato all\u2019annuale Assemblea Generale, tenutasi  [...]<\/p>\n<\/div><\/div><\/li>\n<li class=\"fusion-layout-column fusion_builder_column fusion-builder-column-14 fusion-flex-column post-card fusion-grid-column fusion-post-cards-grid-column\" style=\"--awb-padding-top:0px;--awb-padding-right:0px;--awb-padding-bottom:0px;--awb-padding-left:0px;--awb-bg-color:var(--awb-color1);--awb-bg-color-hover:var(--awb-color1);--awb-bg-blend:overlay;--awb-bg-size:cover;--awb-border-color:rgba(255,201,79,0);--awb-border-color-hover:var(--awb-color6);--awb-border-style:solid;--awb-transform:scaleX(1) scaleY(1);--awb-transform-hover:scaleX(1.02) scaleY(1.02);--awb-flex-grow:0;--awb-flex-shrink:0;--awb-flex-grow-medium:;--awb-flex-shrink-medium:;--awb-flex-grow-small:;--awb-flex-shrink-small:;\" data-scroll-devices=\"small-visibility,medium-visibility,large-visibility\"><div class=\"fusion-column-wrapper fusion-column-has-shadow fusion-flex-justify-content-flex-start fusion-content-layout-column\"><div class=\"fusion-image-element\" style=\"--awb-aspect-ratio: 100 \/ 73;--awb-margin-bottom:20px;--awb-caption-title-font-family:var(--h2_typography-font-family);--awb-caption-title-font-weight:var(--h2_typography-font-weight);--awb-caption-title-font-style:var(--h2_typography-font-style);--awb-caption-title-size:var(--h2_typography-font-size);--awb-caption-title-transform:var(--h2_typography-text-transform);--awb-caption-title-line-height:var(--h2_typography-line-height);--awb-caption-title-letter-spacing:var(--h2_typography-letter-spacing);\"><span class=\" fusion-imageframe imageframe-none imageframe-6 hover-type-none has-aspect-ratio\" style=\"border:5px solid var(--awb-color2);border-radius:20px;\"><a class=\"fusion-no-lightbox\" href=\"https:\/\/www.montesansalvatore.ch\/fr\/la-soleggiata-successo-in-vetta-al-san-salvatore-e-sostegno-concreto-al-territorio\/\" target=\"_self\" aria-label=\"Consegna_sito\"><img decoding=\"async\" width=\"693\" height=\"493\" src=\"https:\/\/www.montesansalvatore.ch\/wp-content\/uploads\/2026\/06\/Consegna_sito.jpg\" data-orig-src=\"https:\/\/www.montesansalvatore.ch\/wp-content\/uploads\/2026\/06\/Consegna_sito.jpg\" class=\"lazyload img-responsive wp-image-9909 img-with-aspect-ratio\" data-parent-fit=\"cover\" data-parent-container=\".fusion-image-element\" alt srcset=\"data:image\/svg+xml,%3Csvg%20xmlns%3D%27http%3A%2F%2Fwww.w3.org%2F2000%2Fsvg%27%20width%3D%27693%27%20height%3D%27493%27%20viewBox%3D%270%200%20693%20493%27%3E%3Crect%20width%3D%27693%27%20height%3D%27493%27%20fill-opacity%3D%220%22%2F%3E%3C%2Fsvg%3E\" data-srcset=\"https:\/\/www.montesansalvatore.ch\/wp-content\/uploads\/2026\/06\/Consegna_sito-200x142.jpg 200w, https:\/\/www.montesansalvatore.ch\/wp-content\/uploads\/2026\/06\/Consegna_sito-400x285.jpg 400w, https:\/\/www.montesansalvatore.ch\/wp-content\/uploads\/2026\/06\/Consegna_sito-600x427.jpg 600w, https:\/\/www.montesansalvatore.ch\/wp-content\/uploads\/2026\/06\/Consegna_sito.jpg 693w\" data-sizes=\"auto\" data-orig-sizes=\"(max-width: 1000px) 100vw, 693px\" \/><\/a><\/span><\/div><div class=\"fusion-title title fusion-title-7 fusion-sep-none fusion-title-text fusion-title-size-paragraph\" style=\"--awb-text-color:#000000;--awb-margin-right:6%;--awb-margin-left:3%;--awb-margin-top-small:10px;--awb-margin-right-small:3%;--awb-margin-bottom-small:10px;--awb-margin-left-small:3%;--awb-link-color:#000000;--awb-link-hover-color:var(--awb-color5);--awb-font-size:20px;\"><p class=\"fusion-title-heading title-heading-left title-heading-tag fusion-responsive-typography-calculated\" style=\"font-family:var(--awb-typography1-font-family);font-weight:var(--awb-typography1-font-weight);font-style:var(--awb-typography1-font-style);margin:0;letter-spacing:var(--awb-typography1-letter-spacing);text-transform:var(--awb-typography1-text-transform);font-size:1em;--fontSize:20;line-height:var(--awb-typography1-line-height);\"><a href=\"https:\/\/www.montesansalvatore.ch\/fr\/la-soleggiata-successo-in-vetta-al-san-salvatore-e-sostegno-concreto-al-territorio\/\" class=\"awb-custom-text-color awb-custom-text-hover-color\" target=\"_self\">La Soleggiata: successo in vetta al San Salvatore e sostegno concreto al territorio<\/a><\/p><\/div><div class=\"fusion-text fusion-text-15\" style=\"--awb-margin-right:6%;--awb-margin-left:3%;\"><p>L\u2019evento \u201cLa Soleggiata\u201d, svoltosi sulla vetta del San Salvatore, ha  [...]<\/p>\n<\/div><\/div><\/li>\n<li class=\"fusion-layout-column fusion_builder_column fusion-builder-column-15 fusion-flex-column post-card fusion-grid-column fusion-post-cards-grid-column\" style=\"--awb-padding-top:0px;--awb-padding-right:0px;--awb-padding-bottom:0px;--awb-padding-left:0px;--awb-bg-color:var(--awb-color1);--awb-bg-color-hover:var(--awb-color1);--awb-bg-blend:overlay;--awb-bg-size:cover;--awb-border-color:rgba(255,201,79,0);--awb-border-color-hover:var(--awb-color6);--awb-border-style:solid;--awb-transform:scaleX(1) scaleY(1);--awb-transform-hover:scaleX(1.02) scaleY(1.02);--awb-flex-grow:0;--awb-flex-shrink:0;--awb-flex-grow-medium:;--awb-flex-shrink-medium:;--awb-flex-grow-small:;--awb-flex-shrink-small:;\" data-scroll-devices=\"small-visibility,medium-visibility,large-visibility\"><div class=\"fusion-column-wrapper fusion-column-has-shadow fusion-flex-justify-content-flex-start fusion-content-layout-column\"><div class=\"fusion-image-element\" style=\"--awb-aspect-ratio: 100 \/ 73;--awb-margin-bottom:20px;--awb-caption-title-font-family:var(--h2_typography-font-family);--awb-caption-title-font-weight:var(--h2_typography-font-weight);--awb-caption-title-font-style:var(--h2_typography-font-style);--awb-caption-title-size:var(--h2_typography-font-size);--awb-caption-title-transform:var(--h2_typography-text-transform);--awb-caption-title-line-height:var(--h2_typography-line-height);--awb-caption-title-letter-spacing:var(--h2_typography-letter-spacing);\"><span class=\" fusion-imageframe imageframe-none imageframe-7 hover-type-none has-aspect-ratio\" style=\"border:5px solid var(--awb-color2);border-radius:20px;\"><a class=\"fusion-no-lightbox\" href=\"https:\/\/www.montesansalvatore.ch\/fr\/20-milioni-di-emozioni-il-monte-san-salvatore-celebra-un-traguardo-storico\/\" target=\"_self\" aria-label=\"IP4A6460 sito\"><img decoding=\"async\" width=\"600\" height=\"400\" src=\"https:\/\/www.montesansalvatore.ch\/wp-content\/uploads\/2026\/05\/IP4A6460-sito.jpg\" data-orig-src=\"https:\/\/www.montesansalvatore.ch\/wp-content\/uploads\/2026\/05\/IP4A6460-sito.jpg\" class=\"lazyload img-responsive wp-image-9892 img-with-aspect-ratio\" data-parent-fit=\"cover\" data-parent-container=\".fusion-image-element\" alt srcset=\"data:image\/svg+xml,%3Csvg%20xmlns%3D%27http%3A%2F%2Fwww.w3.org%2F2000%2Fsvg%27%20width%3D%27600%27%20height%3D%27400%27%20viewBox%3D%270%200%20600%20400%27%3E%3Crect%20width%3D%27600%27%20height%3D%27400%27%20fill-opacity%3D%220%22%2F%3E%3C%2Fsvg%3E\" data-srcset=\"https:\/\/www.montesansalvatore.ch\/wp-content\/uploads\/2026\/05\/IP4A6460-sito-200x133.jpg 200w, https:\/\/www.montesansalvatore.ch\/wp-content\/uploads\/2026\/05\/IP4A6460-sito-400x267.jpg 400w, https:\/\/www.montesansalvatore.ch\/wp-content\/uploads\/2026\/05\/IP4A6460-sito.jpg 600w\" data-sizes=\"auto\" data-orig-sizes=\"(max-width: 1000px) 100vw, 600px\" \/><\/a><\/span><\/div><div class=\"fusion-title title fusion-title-8 fusion-sep-none fusion-title-text fusion-title-size-paragraph\" style=\"--awb-text-color:#000000;--awb-margin-right:6%;--awb-margin-left:3%;--awb-margin-top-small:10px;--awb-margin-right-small:3%;--awb-margin-bottom-small:10px;--awb-margin-left-small:3%;--awb-link-color:#000000;--awb-link-hover-color:var(--awb-color5);--awb-font-size:20px;\"><p class=\"fusion-title-heading title-heading-left title-heading-tag fusion-responsive-typography-calculated\" style=\"font-family:var(--awb-typography1-font-family);font-weight:var(--awb-typography1-font-weight);font-style:var(--awb-typography1-font-style);margin:0;letter-spacing:var(--awb-typography1-letter-spacing);text-transform:var(--awb-typography1-text-transform);font-size:1em;--fontSize:20;line-height:var(--awb-typography1-line-height);\"><a href=\"https:\/\/www.montesansalvatore.ch\/fr\/20-milioni-di-emozioni-il-monte-san-salvatore-celebra-un-traguardo-storico\/\" class=\"awb-custom-text-color awb-custom-text-hover-color\" target=\"_self\">20 milioni di emozioni:  il Monte San Salvatore celebra un traguardo storico<\/a><\/p><\/div><div class=\"fusion-text fusion-text-16\" style=\"--awb-margin-right:6%;--awb-margin-left:3%;\"><p>Oggi, 20 maggio 2026, il Monte San Salvatore ha accolto  [...]<\/p>\n<\/div><\/div><\/li>\n<li class=\"fusion-layout-column fusion_builder_column fusion-builder-column-16 fusion-flex-column post-card fusion-grid-column fusion-post-cards-grid-column\" style=\"--awb-padding-top:0px;--awb-padding-right:0px;--awb-padding-bottom:0px;--awb-padding-left:0px;--awb-bg-color:var(--awb-color1);--awb-bg-color-hover:var(--awb-color1);--awb-bg-blend:overlay;--awb-bg-size:cover;--awb-border-color:rgba(255,201,79,0);--awb-border-color-hover:var(--awb-color6);--awb-border-style:solid;--awb-transform:scaleX(1) scaleY(1);--awb-transform-hover:scaleX(1.02) scaleY(1.02);--awb-flex-grow:0;--awb-flex-shrink:0;--awb-flex-grow-medium:;--awb-flex-shrink-medium:;--awb-flex-grow-small:;--awb-flex-shrink-small:;\" data-scroll-devices=\"small-visibility,medium-visibility,large-visibility\"><div class=\"fusion-column-wrapper fusion-column-has-shadow fusion-flex-justify-content-flex-start fusion-content-layout-column\"><div class=\"fusion-image-element\" style=\"--awb-aspect-ratio: 100 \/ 73;--awb-margin-bottom:20px;--awb-caption-title-font-family:var(--h2_typography-font-family);--awb-caption-title-font-weight:var(--h2_typography-font-weight);--awb-caption-title-font-style:var(--h2_typography-font-style);--awb-caption-title-size:var(--h2_typography-font-size);--awb-caption-title-transform:var(--h2_typography-text-transform);--awb-caption-title-line-height:var(--h2_typography-line-height);--awb-caption-title-letter-spacing:var(--h2_typography-letter-spacing);\"><span class=\" fusion-imageframe imageframe-none imageframe-8 hover-type-none has-aspect-ratio\" style=\"border:5px solid var(--awb-color2);border-radius:20px;\"><a class=\"fusion-no-lightbox\" href=\"https:\/\/www.montesansalvatore.ch\/fr\/in-vetta-anche-la-sera\/\" target=\"_self\" aria-label=\"Foto VE&#038;SA\"><img decoding=\"async\" width=\"600\" height=\"400\" src=\"https:\/\/www.montesansalvatore.ch\/wp-content\/uploads\/2026\/05\/Foto-VESA.jpg\" data-orig-src=\"https:\/\/www.montesansalvatore.ch\/wp-content\/uploads\/2026\/05\/Foto-VESA.jpg\" class=\"lazyload img-responsive wp-image-9872 img-with-aspect-ratio\" data-parent-fit=\"cover\" data-parent-container=\".fusion-image-element\" alt srcset=\"data:image\/svg+xml,%3Csvg%20xmlns%3D%27http%3A%2F%2Fwww.w3.org%2F2000%2Fsvg%27%20width%3D%27600%27%20height%3D%27400%27%20viewBox%3D%270%200%20600%20400%27%3E%3Crect%20width%3D%27600%27%20height%3D%27400%27%20fill-opacity%3D%220%22%2F%3E%3C%2Fsvg%3E\" data-srcset=\"https:\/\/www.montesansalvatore.ch\/wp-content\/uploads\/2026\/05\/Foto-VESA-200x133.jpg 200w, https:\/\/www.montesansalvatore.ch\/wp-content\/uploads\/2026\/05\/Foto-VESA-400x267.jpg 400w, https:\/\/www.montesansalvatore.ch\/wp-content\/uploads\/2026\/05\/Foto-VESA.jpg 600w\" data-sizes=\"auto\" data-orig-sizes=\"(max-width: 1000px) 100vw, 600px\" \/><\/a><\/span><\/div><div class=\"fusion-title title fusion-title-9 fusion-sep-none fusion-title-text fusion-title-size-paragraph\" style=\"--awb-text-color:#000000;--awb-margin-right:6%;--awb-margin-left:3%;--awb-margin-top-small:10px;--awb-margin-right-small:3%;--awb-margin-bottom-small:10px;--awb-margin-left-small:3%;--awb-link-color:#000000;--awb-link-hover-color:var(--awb-color5);--awb-font-size:20px;\"><p class=\"fusion-title-heading title-heading-left title-heading-tag fusion-responsive-typography-calculated\" style=\"font-family:var(--awb-typography1-font-family);font-weight:var(--awb-typography1-font-weight);font-style:var(--awb-typography1-font-style);margin:0;letter-spacing:var(--awb-typography1-letter-spacing);text-transform:var(--awb-typography1-text-transform);font-size:1em;--fontSize:20;line-height:var(--awb-typography1-line-height);\"><a href=\"https:\/\/www.montesansalvatore.ch\/fr\/in-vetta-anche-la-sera\/\" class=\"awb-custom-text-color awb-custom-text-hover-color\" target=\"_self\">In vetta anche la sera<\/a><\/p><\/div><div class=\"fusion-text fusion-text-17\" style=\"--awb-margin-right:6%;--awb-margin-left:3%;\"><p>Dal 15 maggio ogni venerd\u00ec e sabato aperti fino alle  [...]<\/p>\n<\/div><\/div><\/li>\n<li class=\"fusion-layout-column fusion_builder_column fusion-builder-column-17 fusion-flex-column post-card fusion-grid-column fusion-post-cards-grid-column\" style=\"--awb-padding-top:0px;--awb-padding-right:0px;--awb-padding-bottom:0px;--awb-padding-left:0px;--awb-bg-color:var(--awb-color1);--awb-bg-color-hover:var(--awb-color1);--awb-bg-blend:overlay;--awb-bg-size:cover;--awb-border-color:rgba(255,201,79,0);--awb-border-color-hover:var(--awb-color6);--awb-border-style:solid;--awb-transform:scaleX(1) scaleY(1);--awb-transform-hover:scaleX(1.02) scaleY(1.02);--awb-flex-grow:0;--awb-flex-shrink:0;--awb-flex-grow-medium:;--awb-flex-shrink-medium:;--awb-flex-grow-small:;--awb-flex-shrink-small:;\" data-scroll-devices=\"small-visibility,medium-visibility,large-visibility\"><div class=\"fusion-column-wrapper fusion-column-has-shadow fusion-flex-justify-content-flex-start fusion-content-layout-column\"><div class=\"fusion-image-element\" style=\"--awb-aspect-ratio: 100 \/ 73;--awb-margin-bottom:20px;--awb-caption-title-font-family:var(--h2_typography-font-family);--awb-caption-title-font-weight:var(--h2_typography-font-weight);--awb-caption-title-font-style:var(--h2_typography-font-style);--awb-caption-title-size:var(--h2_typography-font-size);--awb-caption-title-transform:var(--h2_typography-text-transform);--awb-caption-title-line-height:var(--h2_typography-line-height);--awb-caption-title-letter-spacing:var(--h2_typography-letter-spacing);\"><span class=\" fusion-imageframe imageframe-none imageframe-9 hover-type-none has-aspect-ratio\" style=\"border:5px solid var(--awb-color2);border-radius:20px;\"><a class=\"fusion-no-lightbox\" href=\"https:\/\/www.montesansalvatore.ch\/fr\/post-san-salvatore-vertical-11-04-2026\/\" target=\"_self\" aria-label=\"San Salvatore Vertical 11.04.2026\"><img decoding=\"async\" width=\"800\" height=\"600\" src=\"https:\/\/www.montesansalvatore.ch\/wp-content\/uploads\/2026\/04\/San-Salvatore-Vertical-11.04.2026.jpg\" data-orig-src=\"https:\/\/www.montesansalvatore.ch\/wp-content\/uploads\/2026\/04\/San-Salvatore-Vertical-11.04.2026.jpg\" class=\"lazyload img-responsive wp-image-9825 img-with-aspect-ratio\" data-parent-fit=\"cover\" data-parent-container=\".fusion-image-element\" alt srcset=\"data:image\/svg+xml,%3Csvg%20xmlns%3D%27http%3A%2F%2Fwww.w3.org%2F2000%2Fsvg%27%20width%3D%27800%27%20height%3D%27600%27%20viewBox%3D%270%200%20800%20600%27%3E%3Crect%20width%3D%27800%27%20height%3D%27600%27%20fill-opacity%3D%220%22%2F%3E%3C%2Fsvg%3E\" data-srcset=\"https:\/\/www.montesansalvatore.ch\/wp-content\/uploads\/2026\/04\/San-Salvatore-Vertical-11.04.2026-200x150.jpg 200w, https:\/\/www.montesansalvatore.ch\/wp-content\/uploads\/2026\/04\/San-Salvatore-Vertical-11.04.2026-400x300.jpg 400w, https:\/\/www.montesansalvatore.ch\/wp-content\/uploads\/2026\/04\/San-Salvatore-Vertical-11.04.2026-600x450.jpg 600w, https:\/\/www.montesansalvatore.ch\/wp-content\/uploads\/2026\/04\/San-Salvatore-Vertical-11.04.2026.jpg 800w\" data-sizes=\"auto\" data-orig-sizes=\"(max-width: 1000px) 100vw, 800px\" \/><\/a><\/span><\/div><div class=\"fusion-title title fusion-title-10 fusion-sep-none fusion-title-text fusion-title-size-paragraph\" style=\"--awb-text-color:#000000;--awb-margin-right:6%;--awb-margin-left:3%;--awb-margin-top-small:10px;--awb-margin-right-small:3%;--awb-margin-bottom-small:10px;--awb-margin-left-small:3%;--awb-link-color:#000000;--awb-link-hover-color:var(--awb-color5);--awb-font-size:20px;\"><p class=\"fusion-title-heading title-heading-left title-heading-tag fusion-responsive-typography-calculated\" style=\"font-family:var(--awb-typography1-font-family);font-weight:var(--awb-typography1-font-weight);font-style:var(--awb-typography1-font-style);margin:0;letter-spacing:var(--awb-typography1-letter-spacing);text-transform:var(--awb-typography1-text-transform);font-size:1em;--fontSize:20;line-height:var(--awb-typography1-line-height);\"><a href=\"https:\/\/www.montesansalvatore.ch\/fr\/post-san-salvatore-vertical-11-04-2026\/\" class=\"awb-custom-text-color awb-custom-text-hover-color\" target=\"_self\">POST San Salvatore Vertical 11.04.2026<\/a><\/p><\/div><div class=\"fusion-text fusion-text-18\" style=\"--awb-margin-right:6%;--awb-margin-left:3%;\"><p>Il San Salvatore Vertical conquista ancora: sport, natura ed emozioni  [...]<\/p>\n<\/div><\/div><\/li>\n<li class=\"fusion-layout-column fusion_builder_column fusion-builder-column-18 fusion-flex-column post-card fusion-grid-column fusion-post-cards-grid-column\" style=\"--awb-padding-top:0px;--awb-padding-right:0px;--awb-padding-bottom:0px;--awb-padding-left:0px;--awb-bg-color:var(--awb-color1);--awb-bg-color-hover:var(--awb-color1);--awb-bg-blend:overlay;--awb-bg-size:cover;--awb-border-color:rgba(255,201,79,0);--awb-border-color-hover:var(--awb-color6);--awb-border-style:solid;--awb-transform:scaleX(1) scaleY(1);--awb-transform-hover:scaleX(1.02) scaleY(1.02);--awb-flex-grow:0;--awb-flex-shrink:0;--awb-flex-grow-medium:;--awb-flex-shrink-medium:;--awb-flex-grow-small:;--awb-flex-shrink-small:;\" data-scroll-devices=\"small-visibility,medium-visibility,large-visibility\"><div class=\"fusion-column-wrapper fusion-column-has-shadow fusion-flex-justify-content-flex-start fusion-content-layout-column\"><div class=\"fusion-image-element\" style=\"--awb-aspect-ratio: 100 \/ 73;--awb-margin-bottom:20px;--awb-caption-title-font-family:var(--h2_typography-font-family);--awb-caption-title-font-weight:var(--h2_typography-font-weight);--awb-caption-title-font-style:var(--h2_typography-font-style);--awb-caption-title-size:var(--h2_typography-font-size);--awb-caption-title-transform:var(--h2_typography-text-transform);--awb-caption-title-line-height:var(--h2_typography-line-height);--awb-caption-title-letter-spacing:var(--h2_typography-letter-spacing);\"><span class=\" fusion-imageframe imageframe-none imageframe-10 hover-type-none has-aspect-ratio\" style=\"border:5px solid var(--awb-color2);border-radius:20px;\"><a class=\"fusion-no-lightbox\" href=\"https:\/\/www.montesansalvatore.ch\/fr\/san-salvatore-vertical-sfida-natura-e-panorami-mozzafiato\/\" target=\"_self\" aria-label=\"San Salvatore Vertical 2025\"><img decoding=\"async\" width=\"2048\" height=\"1365\" src=\"https:\/\/www.montesansalvatore.ch\/wp-content\/uploads\/2026\/04\/San-Salvatore-Vertical-2025.jpg\" data-orig-src=\"https:\/\/www.montesansalvatore.ch\/wp-content\/uploads\/2026\/04\/San-Salvatore-Vertical-2025.jpg\" class=\"lazyload img-responsive wp-image-9789 img-with-aspect-ratio\" data-parent-fit=\"cover\" data-parent-container=\".fusion-image-element\" alt srcset=\"data:image\/svg+xml,%3Csvg%20xmlns%3D%27http%3A%2F%2Fwww.w3.org%2F2000%2Fsvg%27%20width%3D%272048%27%20height%3D%271365%27%20viewBox%3D%270%200%202048%201365%27%3E%3Crect%20width%3D%272048%27%20height%3D%271365%27%20fill-opacity%3D%220%22%2F%3E%3C%2Fsvg%3E\" data-srcset=\"https:\/\/www.montesansalvatore.ch\/wp-content\/uploads\/2026\/04\/San-Salvatore-Vertical-2025-200x133.jpg 200w, https:\/\/www.montesansalvatore.ch\/wp-content\/uploads\/2026\/04\/San-Salvatore-Vertical-2025-400x267.jpg 400w, https:\/\/www.montesansalvatore.ch\/wp-content\/uploads\/2026\/04\/San-Salvatore-Vertical-2025-600x400.jpg 600w, https:\/\/www.montesansalvatore.ch\/wp-content\/uploads\/2026\/04\/San-Salvatore-Vertical-2025-800x533.jpg 800w, https:\/\/www.montesansalvatore.ch\/wp-content\/uploads\/2026\/04\/San-Salvatore-Vertical-2025-1200x800.jpg 1200w, https:\/\/www.montesansalvatore.ch\/wp-content\/uploads\/2026\/04\/San-Salvatore-Vertical-2025.jpg 2048w\" data-sizes=\"auto\" data-orig-sizes=\"(max-width: 1000px) 100vw, 2048px\" \/><\/a><\/span><\/div><div class=\"fusion-title title fusion-title-11 fusion-sep-none fusion-title-text fusion-title-size-paragraph\" style=\"--awb-text-color:#000000;--awb-margin-right:6%;--awb-margin-left:3%;--awb-margin-top-small:10px;--awb-margin-right-small:3%;--awb-margin-bottom-small:10px;--awb-margin-left-small:3%;--awb-link-color:#000000;--awb-link-hover-color:var(--awb-color5);--awb-font-size:20px;\"><p class=\"fusion-title-heading title-heading-left title-heading-tag fusion-responsive-typography-calculated\" style=\"font-family:var(--awb-typography1-font-family);font-weight:var(--awb-typography1-font-weight);font-style:var(--awb-typography1-font-style);margin:0;letter-spacing:var(--awb-typography1-letter-spacing);text-transform:var(--awb-typography1-text-transform);font-size:1em;--fontSize:20;line-height:var(--awb-typography1-line-height);\"><a href=\"https:\/\/www.montesansalvatore.ch\/fr\/san-salvatore-vertical-sfida-natura-e-panorami-mozzafiato\/\" class=\"awb-custom-text-color awb-custom-text-hover-color\" target=\"_self\">San Salvatore Vertical: sfida, natura e panorami mozzafiato<\/a><\/p><\/div><div class=\"fusion-text fusion-text-19\" style=\"--awb-margin-right:6%;--awb-margin-left:3%;\"><p>Sabato 11 aprile, gli amanti della corsa in montagna e  [...]<\/p>\n<\/div><\/div><\/li>\n<\/ul><div class=\"pagination clearfix\"><span class=\"current\">1<\/span><a href=\"https:\/\/www.montesansalvatore.ch\/fr\/wp-json\/wp\/v2\/pages\/5588\/page\/2\/\" class=\"inactive\">2<\/a><a class=\"pagination-next\" rel=\"next\" href=\"https:\/\/www.montesansalvatore.ch\/fr\/wp-json\/wp\/v2\/pages\/5588\/page\/2\/\"><span class=\"page-text\">Next<\/span><span class=\"page-next\"><\/span><\/a><\/div><div class=\"fusion-clearfix\"><\/div><\/div><\/div><\/div><\/div><\/div><div class=\"fusion-fullwidth fullwidth-box fusion-builder-row-3 fusion-flex-container has-pattern-background has-mask-background nonhundred-percent-fullwidth non-hundred-percent-height-scrolling\" style=\"--awb-border-color:var(--awb-color1);--awb-border-radius-top-left:0px;--awb-border-radius-top-right:0px;--awb-border-radius-bottom-right:0px;--awb-border-radius-bottom-left:0px;--awb-padding-bottom:100px;--awb-padding-top-medium:100px;--awb-padding-bottom-medium:100px;--awb-padding-top-small:100px;--awb-padding-bottom-small:100px;--awb-flex-wrap:wrap;\" ><div class=\"fusion-builder-row fusion-row fusion-flex-align-items-stretch fusion-flex-content-wrap\" style=\"max-width:1365px;margin-left: calc(-5% \/ 2 );margin-right: calc(-5% \/ 2 );\"><div class=\"fusion-layout-column fusion_builder_column fusion-builder-column-19 fusion_builder_column_1_1 1_1 fusion-flex-column\" style=\"--awb-padding-top:50px;--awb-padding-right:50px;--awb-padding-bottom:50px;--awb-padding-left:50px;--awb-bg-color:var(--awb-color1);--awb-bg-color-hover:var(--awb-color1);--awb-bg-image:linear-gradient(180deg, rgba(255,255,255,0.4) 0%,rgba(255,255,255,0.4) 100%);;--awb-bg-size:cover;--awb-width-large:100%;--awb-flex-grow:0;--awb-flex-shrink:0;--awb-margin-top-large:0px;--awb-spacing-right-large:30px;--awb-margin-bottom-large:20px;--awb-spacing-left-large:2.375%;--awb-width-medium:100%;--awb-order-medium:0;--awb-flex-grow-medium:;--awb-flex-shrink-medium:;--awb-spacing-right-medium:30px;--awb-spacing-left-medium:2.375%;--awb-width-small:100%;--awb-order-small:0;--awb-flex-grow-small:;--awb-flex-shrink-small:;--awb-spacing-right-small:2.375%;--awb-spacing-left-small:2.375%;\" data-scroll-devices=\"small-visibility,medium-visibility,large-visibility\"><div class=\"fusion-column-wrapper lazyload fusion-column-has-shadow fusion-flex-justify-content-flex-start fusion-content-layout-column fusion-column-has-bg-image\" data-bg-url=\"https:\/\/www.montesansalvatore.ch\/wp-content\/uploads\/2025\/01\/sfondo-ondulato-k35-scaled.jpg\" data-bg=\"https:\/\/www.montesansalvatore.ch\/wp-content\/uploads\/2025\/01\/sfondo-ondulato-k35-scaled.jpg\" data-bg-gradient=\"linear-gradient(180deg, rgba(255,255,255,0.4) 0%,rgba(255,255,255,0.4) 100%)\"><div class=\"fusion-title title fusion-title-12 fusion-sep-none fusion-title-text fusion-title-size-two\" style=\"--awb-text-color:var(--awb-color5);--awb-margin-top-small:10px;--awb-margin-right-small:0px;--awb-margin-bottom-small:10px;--awb-margin-left-small:0px;\"><h2 class=\"fusion-title-heading title-heading-left fusion-responsive-typography-calculated\" style=\"margin:0;--fontSize:64;line-height:var(--awb-typography1-line-height);\">Informations utiles<\/h2><\/div><div class=\"fusion-separator fusion-full-width-sep\" style=\"align-self: center;margin-left: auto;margin-right: auto;margin-top:30px;width:100%;\"><\/div><div class=\"fusion-builder-row fusion-builder-row-inner fusion-row fusion-flex-align-items-stretch fusion-flex-content-wrap\" style=\"--awb-flex-grow:0;--awb-flex-grow-medium:0;--awb-flex-grow-small:0;--awb-flex-shrink:0;--awb-flex-shrink-medium:0;--awb-flex-shrink-small:0;width:105% !important;max-width:105% !important;margin-left: calc(-5% \/ 2 );margin-right: calc(-5% \/ 2 );\"><div class=\"fusion-layout-column fusion_builder_column_inner fusion-builder-nested-column-0 fusion_builder_column_inner_1_1 1_1 fusion-flex-column\" style=\"--awb-bg-size:cover;--awb-width-large:100%;--awb-margin-top-large:0px;--awb-spacing-right-large:2.375%;--awb-margin-bottom-large:20px;--awb-spacing-left-large:2.375%;--awb-width-medium:100%;--awb-order-medium:0;--awb-spacing-right-medium:2.375%;--awb-spacing-left-medium:2.375%;--awb-width-small:100%;--awb-order-small:0;--awb-spacing-right-small:2.375%;--awb-spacing-left-small:2.375%;\" data-scroll-devices=\"small-visibility,medium-visibility,large-visibility\"><div class=\"fusion-column-wrapper fusion-column-has-shadow fusion-flex-justify-content-flex-start fusion-content-layout-column\"><div class=\"fusion-text fusion-text-20\"><h3>Pour informations et questions<\/h3>\n<p>Funicolare Monte San Salvatore SA<br \/>\nVia delle scuole 7 \/ CP 442<br \/>\nCH-6902 Lugano-Paradiso<\/p>\n<p><a href=\"tel:0041919852828\"><strong>+41 91 985 28 28<\/strong><\/a><br \/>\n<a href=\"mailto:info@montesansalvatore.ch\"><strong>info@montesansalvatore.ch<\/strong><\/a><\/p>\n<\/div><\/div><\/div><\/div><\/div><\/div><\/div><\/div><\/p>\n","protected":false},"excerpt":{"rendered":"","protected":false},"author":1,"featured_media":4496,"parent":0,"menu_order":0,"comment_status":"closed","ping_status":"closed","template":"100-width.php","meta":{"footnotes":""},"class_list":["post-5588","page","type-page","status-publish","has-post-thumbnail","hentry"],"publishpress_future_workflow_manual_trigger":{"enabledWorkflows":[]},"_links":{"self":[{"href":"https:\/\/www.montesansalvatore.ch\/fr\/wp-json\/wp\/v2\/pages\/5588","targetHints":{"allow":["GET"]}}],"collection":[{"href":"https:\/\/www.montesansalvatore.ch\/fr\/wp-json\/wp\/v2\/pages"}],"about":[{"href":"https:\/\/www.montesansalvatore.ch\/fr\/wp-json\/wp\/v2\/types\/page"}],"author":[{"embeddable":true,"href":"https:\/\/www.montesansalvatore.ch\/fr\/wp-json\/wp\/v2\/users\/1"}],"replies":[{"embeddable":true,"href":"https:\/\/www.montesansalvatore.ch\/fr\/wp-json\/wp\/v2\/comments?post=5588"}],"version-history":[{"count":0,"href":"https:\/\/www.montesansalvatore.ch\/fr\/wp-json\/wp\/v2\/pages\/5588\/revisions"}],"wp:featuredmedia":[{"embeddable":true,"href":"https:\/\/www.montesansalvatore.ch\/fr\/wp-json\/wp\/v2\/media\/4496"}],"wp:attachment":[{"href":"https:\/\/www.montesansalvatore.ch\/fr\/wp-json\/wp\/v2\/media?parent=5588"}],"curies":[{"name":"wp","href":"https:\/\/api.w.org\/{rel}","templated":true}]}}